{"id":191,"date":"2020-05-23T19:26:33","date_gmt":"2020-05-23T17:26:33","guid":{"rendered":"http:\/\/ensemble-esquisses.fr\/?page_id=191"},"modified":"2022-01-24T01:16:08","modified_gmt":"2022-01-24T00:16:08","slug":"repertoire","status":"publish","type":"page","link":"https:\/\/ensemble-esquisses.fr\/?page_id=191","title":{"rendered":"R\u00e9pertoire"},"content":{"rendered":"<p>[et_pb_section fb_built=\u00a0\u00bb1&Prime; _builder_version=\u00a0\u00bb4.4.6&Prime; da_disable_devices=\u00a0\u00bboff|off|off\u00a0\u00bb global_colors_info=\u00a0\u00bb{}\u00a0\u00bb da_is_popup=\u00a0\u00bboff\u00a0\u00bb da_exit_intent=\u00a0\u00bboff\u00a0\u00bb da_has_close=\u00a0\u00bbon\u00a0\u00bb da_alt_close=\u00a0\u00bboff\u00a0\u00bb da_dark_close=\u00a0\u00bboff\u00a0\u00bb da_not_modal=\u00a0\u00bbon\u00a0\u00bb da_is_singular=\u00a0\u00bboff\u00a0\u00bb da_with_loader=\u00a0\u00bboff\u00a0\u00bb da_has_shadow=\u00a0\u00bbon\u00a0\u00bb][et_pb_row _builder_version=\u00a0\u00bb4.4.6&Prime; animation_style=\u00a0\u00bbslide\u00a0\u00bb global_colors_info=\u00a0\u00bb{}\u00a0\u00bb][et_pb_column type=\u00a0\u00bb4_4&Prime; _builder_version=\u00a0\u00bb4.4.6&Prime; global_colors_info=\u00a0\u00bb{}\u00a0\u00bb][et_pb_text module_id=\u00a0\u00bbup\u00a0\u00bb _builder_version=\u00a0\u00bb4.7.6&Prime; header_2_text_align=\u00a0\u00bbcenter\u00a0\u00bb header_2_font_size=\u00a0\u00bb35px\u00a0\u00bb header_2_letter_spacing=\u00a0\u00bb5px\u00a0\u00bb animation_style=\u00a0\u00bbfade\u00a0\u00bb animation_duration=\u00a0\u00bb2000ms\u00a0\u00bb header_2_text_shadow_style=\u00a0\u00bbpreset3&Prime; header_2_text_shadow_blur_strength=\u00a0\u00bb0.15em\u00a0\u00bb global_colors_info=\u00a0\u00bb{}\u00a0\u00bb]<\/p>\n<h2><span>R\u00e9pertoire<\/span><\/h2>\n<p>[\/et_pb_text][et_pb_divider _builder_version=\u00a0\u00bb4.4.6&Prime; animation_style=\u00a0\u00bbfade\u00a0\u00bb animation_duration=\u00a0\u00bb2000ms\u00a0\u00bb global_colors_info=\u00a0\u00bb{}\u00a0\u00bb][\/et_pb_divider][\/et_pb_column][\/et_pb_row][et_pb_row column_structure=\u00a0\u00bb2_5,3_5&Prime; _builder_version=\u00a0\u00bb4.7.6&Prime; _module_preset=\u00a0\u00bbdefault\u00a0\u00bb global_colors_info=\u00a0\u00bb{}\u00a0\u00bb][et_pb_column type=\u00a0\u00bb2_5&Prime; _builder_version=\u00a0\u00bb4.7.6&Prime; _module_preset=\u00a0\u00bbdefault\u00a0\u00bb global_colors_info=\u00a0\u00bb{}\u00a0\u00bb][et_pb_text _builder_version=\u00a0\u00bb4.7.6&Prime; _module_preset=\u00a0\u00bbdefault\u00a0\u00bb text_font=\u00a0\u00bb||on||||||\u00a0\u00bb text_font_size=\u00a0\u00bb24px\u00a0\u00bb link_text_color=\u00a0\u00bb#0c71c3&Prime; background_color=\u00a0\u00bb#f9f9f9&Prime; custom_padding=\u00a0\u00bb20px|20px|20px|20px|true|true\u00a0\u00bb global_colors_info=\u00a0\u00bb{}\u00a0\u00bb]<\/p>\n<p>Pour nous \u00e9couter, rendez vous sur la <a href=\"https:\/\/ensemble-esquisses.fr\/?page_id=74\">page m\u00e9dia<\/a><\/p>\n<p>[\/et_pb_text][\/et_pb_column][et_pb_column type=\u00a0\u00bb3_5&Prime; _builder_version=\u00a0\u00bb4.7.6&Prime; _module_preset=\u00a0\u00bbdefault\u00a0\u00bb global_colors_info=\u00a0\u00bb{}\u00a0\u00bb][\/et_pb_column][\/et_pb_row][et_pb_row _builder_version=\u00a0\u00bb4.4.7&Prime; global_colors_info=\u00a0\u00bb{}\u00a0\u00bb][et_pb_column type=\u00a0\u00bb4_4&Prime; _builder_version=\u00a0\u00bb4.4.7&Prime; global_colors_info=\u00a0\u00bb{}\u00a0\u00bb][et_pb_text ul_type=\u00a0\u00bbcircle\u00a0\u00bb ul_position=\u00a0\u00bbinside\u00a0\u00bb _builder_version=\u00a0\u00bb4.7.6&Prime; text_font_size=\u00a0\u00bb28px\u00a0\u00bb ul_line_height=\u00a0\u00bb1.3em\u00a0\u00bb global_colors_info=\u00a0\u00bb{}\u00a0\u00bb]<\/p>\n<p style=\"text-align: right;\"><em>Index :<br \/><\/em><\/p>\n<ul>\n<li style=\"text-align: right;\"><a href=\"#cap\">Musique sacr\u00e9e \u00e0 cappella<\/a><\/li>\n<li style=\"text-align: right;\"><a href=\"#org\">Musique sacr\u00e9e avec orgue<\/a><\/li>\n<li style=\"text-align: right;\"><a href=\"#ape\">Les Aper\u00e7ues<\/a><\/li>\n<li style=\"text-align: right;\"><a href=\"#div\">Musique diverses<\/a><\/li>\n<\/ul>\n<p>[\/et_pb_text][et_pb_image src=\u00a0\u00bbhttps:\/\/ensemble-esquisses.fr\/wp-content\/uploads\/2020\/06\/commpos.jpg\u00a0\u00bb title_text=\u00a0\u00bbcommpos\u00a0\u00bb _builder_version=\u00a0\u00bb4.4.7&Prime; filter_saturate=\u00a0\u00bb0%\u00a0\u00bb filter_sepia=\u00a0\u00bb38%\u00a0\u00bb animation_style=\u00a0\u00bbflip\u00a0\u00bb animation_duration=\u00a0\u00bb2000ms\u00a0\u00bb global_colors_info=\u00a0\u00bb{}\u00a0\u00bb][\/et_pb_image][\/et_pb_column][\/et_pb_row][et_pb_row _builder_version=\u00a0\u00bb4.4.7&Prime; global_colors_info=\u00a0\u00bb{}\u00a0\u00bb][et_pb_column type=\u00a0\u00bb4_4&Prime; _builder_version=\u00a0\u00bb4.4.7&Prime; global_colors_info=\u00a0\u00bb{}\u00a0\u00bb][et_pb_text module_id=\u00a0\u00bbcap\u00a0\u00bb _builder_version=\u00a0\u00bb4.4.7&Prime; header_4_text_align=\u00a0\u00bbcenter\u00a0\u00bb header_4_font_size=\u00a0\u00bb19px\u00a0\u00bb header_4_line_height=\u00a0\u00bb1.2em\u00a0\u00bb background_color=\u00a0\u00bbrgba(0,0,0,0)\u00a0\u00bb max_width=\u00a0\u00bb100%\u00a0\u00bb global_colors_info=\u00a0\u00bb{}\u00a0\u00bb]<\/p>\n<h4><strong>Musique sacr\u00e9e \u00e0 cappella<\/strong><\/h4>\n<p>[\/et_pb_text][et_pb_text _builder_version=\u00a0\u00bb4.4.7&Prime; text_font_size=\u00a0\u00bb28px\u00a0\u00bb text_letter_spacing=\u00a0\u00bb4px\u00a0\u00bb ul_line_height=\u00a0\u00bb1.5em\u00a0\u00bb header_4_text_align=\u00a0\u00bbcenter\u00a0\u00bb header_4_font_size=\u00a0\u00bb19px\u00a0\u00bb header_4_line_height=\u00a0\u00bb1.2em\u00a0\u00bb background_color=\u00a0\u00bbrgba(0,0,0,0)\u00a0\u00bb text_orientation=\u00a0\u00bbcenter\u00a0\u00bb max_width=\u00a0\u00bb100%\u00a0\u00bb animation_style=\u00a0\u00bbflip\u00a0\u00bb global_colors_info=\u00a0\u00bb{}\u00a0\u00bb]<\/p>\n<ul>\n<li><span style=\"text-decoration: underline;\">Caplet<\/span> &#8211; Messe \u00e0 3 voix<\/li>\n<li><span style=\"text-decoration: underline;\">Kocsar<\/span> &#8211; Salve Regina<\/li>\n<li><span style=\"text-decoration: underline;\">Corti<\/span> &#8211; Laus trium puerorum<\/li>\n<li><span style=\"text-decoration: underline;\">Badings<\/span> &#8211; Kyrie &amp; Agnus<\/li>\n<li><span style=\"text-decoration: underline;\">Janczak<\/span> &#8211; Kyrie<\/li>\n<li><span style=\"text-decoration: underline;\">Durufl\u00e9<\/span> &#8211; Tota pulchra es<\/li>\n<li><span style=\"text-decoration: underline;\">McDowall<\/span> &#8211; Ave Maria<\/li>\n<li><span style=\"text-decoration: underline;\">Poulenc<\/span> &#8211; Ave Verum<\/li>\n<li><span style=\"text-decoration: underline;\">Poulenc<\/span> &#8211; Ave Maria<\/li>\n<\/ul>\n<p>[\/et_pb_text][et_pb_divider _builder_version=\u00a0\u00bb4.4.6&Prime; animation_style=\u00a0\u00bbfade\u00a0\u00bb animation_duration=\u00a0\u00bb2000ms\u00a0\u00bb global_colors_info=\u00a0\u00bb{}\u00a0\u00bb][\/et_pb_divider][et_pb_text module_id=\u00a0\u00bborg\u00a0\u00bb _builder_version=\u00a0\u00bb4.4.7&Prime; header_4_text_align=\u00a0\u00bbcenter\u00a0\u00bb header_4_font_size=\u00a0\u00bb19px\u00a0\u00bb header_4_line_height=\u00a0\u00bb1.2em\u00a0\u00bb background_color=\u00a0\u00bbrgba(0,0,0,0)\u00a0\u00bb max_width=\u00a0\u00bb100%\u00a0\u00bb global_colors_info=\u00a0\u00bb{}\u00a0\u00bb]<\/p>\n<h4><strong>Musique sacr\u00e9e avec orgue<\/strong><\/h4>\n<p>[\/et_pb_text][et_pb_text _builder_version=\u00a0\u00bb4.4.8&Prime; text_font_size=\u00a0\u00bb29px\u00a0\u00bb ul_line_height=\u00a0\u00bb1.4em\u00a0\u00bb header_4_text_align=\u00a0\u00bbcenter\u00a0\u00bb header_4_font_size=\u00a0\u00bb19px\u00a0\u00bb header_4_line_height=\u00a0\u00bb1.2em\u00a0\u00bb background_color=\u00a0\u00bbrgba(0,0,0,0)\u00a0\u00bb text_orientation=\u00a0\u00bbcenter\u00a0\u00bb max_width=\u00a0\u00bb100%\u00a0\u00bb animation_style=\u00a0\u00bbflip\u00a0\u00bb global_colors_info=\u00a0\u00bb{}\u00a0\u00bb]<\/p>\n<ul>\n<li><span style=\"text-decoration: underline;\">Poulenc<\/span> &#8211; Litanies \u00e0 la vierge noire<\/li>\n<li><span style=\"text-decoration: underline;\">Britten<\/span> &#8211; Missa brevis<\/li>\n<li><span style=\"text-decoration: underline;\">Calmel<\/span> &#8211; Magnificat<\/li>\n<li><span style=\"text-decoration: underline;\">Mendelssohn<\/span> &#8211; Motets op.39<\/li>\n<li><span style=\"text-decoration: underline;\">Ropartz<\/span> &#8211; Messe br\u00e8ve en l\u2019honneur de Sainte Anne<\/li>\n<li><span style=\"text-decoration: underline;\">McDowall <\/span>-Missa Mariae <\/li>\n<\/ul>\n<p>[\/et_pb_text][et_pb_divider _builder_version=\u00a0\u00bb4.4.6&Prime; animation_style=\u00a0\u00bbfade\u00a0\u00bb animation_duration=\u00a0\u00bb2000ms\u00a0\u00bb global_colors_info=\u00a0\u00bb{}\u00a0\u00bb][\/et_pb_divider][et_pb_text module_id=\u00a0\u00bbape\u00a0\u00bb _builder_version=\u00a0\u00bb4.4.7&Prime; header_4_text_align=\u00a0\u00bbcenter\u00a0\u00bb header_4_font_size=\u00a0\u00bb19px\u00a0\u00bb header_4_line_height=\u00a0\u00bb1.2em\u00a0\u00bb background_color=\u00a0\u00bbrgba(0,0,0,0)\u00a0\u00bb max_width=\u00a0\u00bb100%\u00a0\u00bb global_colors_info=\u00a0\u00bb{}\u00a0\u00bb]<\/p>\n<h4><strong>Les Aper\u00e7ues<\/strong><\/h4>\n<p>[\/et_pb_text][et_pb_text _builder_version=\u00a0\u00bb4.4.7&Prime; text_font_size=\u00a0\u00bb18px\u00a0\u00bb background_color=\u00a0\u00bbrgba(0,0,0,0.03)\u00a0\u00bb text_orientation=\u00a0\u00bbcenter\u00a0\u00bb custom_padding=\u00a0\u00bb20px|20px|20px|20px|false|false\u00a0\u00bb animation_style=\u00a0\u00bbfade\u00a0\u00bb animation_duration=\u00a0\u00bb1900ms\u00a0\u00bb global_colors_info=\u00a0\u00bb{}\u00a0\u00bb]<\/p>\n<p><em><b>Ce programme met en r\u00e9sonance la voix et la harpe. <\/b><\/em><\/p>\n<p><em>Chaque pi\u00e8ce repr\u00e9sente un tableau de choses vues, ou simplement entrevues, aper\u00e7ues. Des instants de surprise ou d&rsquo;admiration, de d\u00e9sir, d&rsquo;inqui\u00e9tude, de rire. <\/em><\/p>\n<p><em>Impressions enfantines, deuils. Col\u00e8re aussi. Emotions inattendues apparaissant et disparaissant dans un \u00e9ph\u00e9m\u00e8re po\u00e9tique. Aper\u00e7ues. Des bribes de choses ou d&rsquo;\u00e9motions qui apparaissent en nous mais ne durent jamais longtemps, qui laissent, avant de dispara\u00eetre, une m\u00e9moire, un d\u00e9sir, un souvenir. <\/em><\/p>\n<p><em>Aper\u00e7ues. Du verbe apercevoir. Voir juste avant que cela ne disparaisse, esquisse d&rsquo;un appel, d&rsquo;une singularit\u00e9. Saisir au vol et ch\u00e9rir les traces d&rsquo;\u00e9v\u00e8nements minuscules mais d\u00e9cisifs. <\/em><\/p>\n<p><em>Alliant des pi\u00e8ces phares du r\u00e9pertoire mais aussi des (re)d\u00e9couvertes, ces pi\u00e8ces nous invitent \u00e0 un voyage parsem\u00e9 d&rsquo;\u00e9motions. Ralentir pour penser \u00e0 une chose, mais se d\u00e9p\u00eacher pour attraper au vol ce que l&rsquo;occasion ne nous offre qu&rsquo;une seule fois en passant. Saisir cette \u00e9motion qui nous traverse alors et nous tord de l&rsquo;int\u00e9rieur. <\/em><\/p>\n<p><span><em>C&rsquo;est \u00e0 chaque fois l&rsquo;unique fois, seulement ici, seulement maintenant, ce qui est aper\u00e7u et \u00e0 percevoir. Le rythme et la po\u00e9sie cr\u00e9ent la symbiose entre ces pi\u00e8ces dans lesquelles la voix est trait\u00e9e de mani\u00e8res diff\u00e9rentes mais avec toujours une ligne vocale dense.<\/em> <\/span><\/p>\n<p>[\/et_pb_text][et_pb_text _builder_version=\u00a0\u00bb4.4.7&Prime; text_font_size=\u00a0\u00bb28px\u00a0\u00bb ul_line_height=\u00a0\u00bb1.4em\u00a0\u00bb header_4_text_align=\u00a0\u00bbcenter\u00a0\u00bb header_4_font_size=\u00a0\u00bb19px\u00a0\u00bb header_4_line_height=\u00a0\u00bb1.2em\u00a0\u00bb background_color=\u00a0\u00bbrgba(0,0,0,0)\u00a0\u00bb text_orientation=\u00a0\u00bbcenter\u00a0\u00bb max_width=\u00a0\u00bb100%\u00a0\u00bb animation_style=\u00a0\u00bbflip\u00a0\u00bb global_colors_info=\u00a0\u00bb{}\u00a0\u00bb]<\/p>\n<ul>\n<li><span style=\"text-decoration: underline;\">Holst<\/span> &#8211; Two eastern pictures<\/li>\n<li><span style=\"text-decoration: underline;\">Holst<\/span> &#8211; Choral hymn from Rig Veda<\/li>\n<li><span style=\"text-decoration: underline;\">Chausson<\/span> &#8211; Chant fun\u00e8bre<\/li>\n<li><span style=\"text-decoration: underline;\">Debussy<\/span> &#8211; Voici que le printemps<\/li>\n<li><span style=\"text-decoration: underline;\">Debussy<\/span> &#8211; Beau soir<\/li>\n<li><span style=\"text-decoration: underline;\">Britten<\/span> &#8211; Ceremony of carols extraits<\/li>\n<li><span style=\"text-decoration: underline;\">Rutter<\/span> &#8211; Dancing day extraits<\/li>\n<li><span style=\"text-decoration: underline;\">Casta\u00f1o<\/span> &#8211; Per te praesentit aruspex<\/li>\n<li><span style=\"text-decoration: underline;\">De Zeegant<\/span> &#8211; Visioni<\/li>\n<li><span style=\"text-decoration: underline;\">Roussel<\/span> &#8211; Madrigal aux muses<\/li>\n<li><span style=\"text-decoration: underline;\">Jenner<\/span> &#8211; Meeresleuchten<\/li>\n<li><span style=\"text-decoration: underline;\">Faur\u00e9<\/span> &#8211; Les Berceaux<\/li>\n<\/ul>\n<p>[\/et_pb_text][et_pb_divider _builder_version=\u00a0\u00bb4.4.6&Prime; animation_style=\u00a0\u00bbfade\u00a0\u00bb animation_duration=\u00a0\u00bb2000ms\u00a0\u00bb global_colors_info=\u00a0\u00bb{}\u00a0\u00bb][\/et_pb_divider][et_pb_text module_id=\u00a0\u00bbdiv\u00a0\u00bb _builder_version=\u00a0\u00bb4.4.7&Prime; header_4_text_align=\u00a0\u00bbcenter\u00a0\u00bb header_4_font_size=\u00a0\u00bb19px\u00a0\u00bb header_4_line_height=\u00a0\u00bb1.2em\u00a0\u00bb background_color=\u00a0\u00bbrgba(0,0,0,0)\u00a0\u00bb max_width=\u00a0\u00bb100%\u00a0\u00bb global_colors_info=\u00a0\u00bb{}\u00a0\u00bb]<\/p>\n<h4><strong>Musiques diverses<\/strong><\/h4>\n<p>[\/et_pb_text][et_pb_text _builder_version=\u00a0\u00bb4.4.7&Prime; text_font_size=\u00a0\u00bb28px\u00a0\u00bb ul_line_height=\u00a0\u00bb1.4em\u00a0\u00bb header_4_text_align=\u00a0\u00bbcenter\u00a0\u00bb header_4_font_size=\u00a0\u00bb19px\u00a0\u00bb header_4_line_height=\u00a0\u00bb1.2em\u00a0\u00bb background_color=\u00a0\u00bbrgba(0,0,0,0)\u00a0\u00bb text_orientation=\u00a0\u00bbcenter\u00a0\u00bb max_width=\u00a0\u00bb100%\u00a0\u00bb animation_style=\u00a0\u00bbflip\u00a0\u00bb global_colors_info=\u00a0\u00bb{}\u00a0\u00bb]<\/p>\n<ul>\n<li><span style=\"text-decoration: underline;\">Brahms<\/span> &#8211; Canons op.113 n\u00b01, 2, 7<\/li>\n<li><span style=\"text-decoration: underline;\">Schubert<\/span> &#8211; Lacrimosa son io<\/li>\n<li><span style=\"text-decoration: underline;\">Kidd<\/span> &#8211; Wind song<\/li>\n<li><span style=\"text-decoration: underline;\">Ligeti<\/span> &#8211; M\u00e1traszentimrei Dalok<\/li>\n<li><span style=\"text-decoration: underline;\">Tomasi<\/span> &#8211; Chants corses<\/li>\n<li><span style=\"text-decoration: underline;\">Ravel\/Gottwald<\/span> &#8211; Toi le coeur<\/li>\n<li><span style=\"text-decoration: underline;\">Tormis<\/span> &#8211; Lauliku Lapsep\u00f5li<\/li>\n<\/ul>\n<p>[\/et_pb_text][\/et_pb_column][\/et_pb_row][et_pb_row _builder_version=\u00a0\u00bb4.4.6&Prime; animation_style=\u00a0\u00bbflip\u00a0\u00bb animation_duration=\u00a0\u00bb2000ms\u00a0\u00bb global_colors_info=\u00a0\u00bb{}\u00a0\u00bb][et_pb_column type=\u00a0\u00bb4_4&Prime; _builder_version=\u00a0\u00bb4.4.6&Prime; global_colors_info=\u00a0\u00bb{}\u00a0\u00bb][et_pb_divider _builder_version=\u00a0\u00bb4.4.6&Prime; global_colors_info=\u00a0\u00bb{}\u00a0\u00bb][\/et_pb_divider][et_pb_button button_url=\u00a0\u00bb#up\u00a0\u00bb button_text=\u00a0\u00bbHaut de la page\u00a0\u00bb button_alignment=\u00a0\u00bbcenter\u00a0\u00bb _builder_version=\u00a0\u00bb4.13.0&Prime; _module_preset=\u00a0\u00bbdefault\u00a0\u00bb custom_button=\u00a0\u00bbon\u00a0\u00bb button_text_color=\u00a0\u00bb#0c71c3&Prime; button_bg_color=\u00a0\u00bb#f2f2f2&Prime; button_border_width=\u00a0\u00bb0px\u00a0\u00bb button_border_color=\u00a0\u00bb#0c71c3&Prime; button_icon=\u00a0\u00bb&#xe047;||divi||400&Prime; button_on_hover=\u00a0\u00bboff\u00a0\u00bb global_colors_info=\u00a0\u00bb{}\u00a0\u00bb button_bg_color__hover_enabled=\u00a0\u00bbon|hover\u00a0\u00bb button_border_width__hover_enabled=\u00a0\u00bbon|desktop\u00a0\u00bb button_bg_color__hover=\u00a0\u00bb#0c71c3&Prime; button_bg_enable_color__hover=\u00a0\u00bbon\u00a0\u00bb transform_styles__hover_enabled=\u00a0\u00bbon|desktop\u00a0\u00bb transform_scale__hover_enabled=\u00a0\u00bbon|hover\u00a0\u00bb transform_translate__hover_enabled=\u00a0\u00bbon|desktop\u00a0\u00bb transform_rotate__hover_enabled=\u00a0\u00bbon|hover\u00a0\u00bb transform_skew__hover_enabled=\u00a0\u00bbon|hover\u00a0\u00bb transform_origin__hover_enabled=\u00a0\u00bbon|hover\u00a0\u00bb custom_margin__hover_enabled=\u00a0\u00bbon|desktop\u00a0\u00bb button_text_size__hover_enabled=\u00a0\u00bbon|hover\u00a0\u00bb button_icon_color__hover_enabled=\u00a0\u00bbon|desktop\u00a0\u00bb button_text_color__hover_enabled=\u00a0\u00bbon|desktop\u00a0\u00bb button_text_color__hover=\u00a0\u00bb#ffffff\u00a0\u00bb button_border_width__hover=\u00a0\u00bb0px\u00a0\u00bb][\/et_pb_button][\/et_pb_column][\/et_pb_row][et_pb_row column_structure=\u00a0\u00bb1_2,1_2&Prime; _builder_version=\u00a0\u00bb4.4.6&Prime; global_colors_info=\u00a0\u00bb{}\u00a0\u00bb theme_builder_area=\u00a0\u00bbpost_content\u00a0\u00bb][et_pb_column type=\u00a0\u00bb1_2&Prime; _builder_version=\u00a0\u00bb4.4.6&Prime; global_colors_info=\u00a0\u00bb{}\u00a0\u00bb theme_builder_area=\u00a0\u00bbpost_content\u00a0\u00bb][et_pb_button button_url=\u00a0\u00bbhttps:\/\/ensemble-esquisses.fr\/?page_id=243&Prime; button_text=\u00a0\u00bbL&rsquo;ensemble\u00a0\u00bb button_alignment=\u00a0\u00bbright\u00a0\u00bb _builder_version=\u00a0\u00bb4.13.0&Prime; custom_button=\u00a0\u00bbon\u00a0\u00bb button_text_color=\u00a0\u00bb#000000&Prime; button_border_width=\u00a0\u00bb0px\u00a0\u00bb button_border_radius=\u00a0\u00bb4px\u00a0\u00bb button_letter_spacing=\u00a0\u00bb4px\u00a0\u00bb button_icon=\u00a0\u00bb&#xe08b;||divi||400&Prime; button_on_hover=\u00a0\u00bboff\u00a0\u00bb animation_style=\u00a0\u00bbfold\u00a0\u00bb global_colors_info=\u00a0\u00bb{}\u00a0\u00bb theme_builder_area=\u00a0\u00bbpost_content\u00a0\u00bb][\/et_pb_button][\/et_pb_column][et_pb_column type=\u00a0\u00bb1_2&Prime; _builder_version=\u00a0\u00bb4.4.6&Prime; global_colors_info=\u00a0\u00bb{}\u00a0\u00bb theme_builder_area=\u00a0\u00bbpost_content\u00a0\u00bb][et_pb_button button_url=\u00a0\u00bbhttps:\/\/ensemble-esquisses.fr\/?page_id=74&Prime; button_text=\u00a0\u00bbNous \u00e9couter\u00a0\u00bb button_alignment=\u00a0\u00bbleft\u00a0\u00bb _builder_version=\u00a0\u00bb4.14.7&Prime; custom_button=\u00a0\u00bbon\u00a0\u00bb button_text_color=\u00a0\u00bb#000000&Prime; button_border_width=\u00a0\u00bb0px\u00a0\u00bb button_border_radius=\u00a0\u00bb4px\u00a0\u00bb button_letter_spacing=\u00a0\u00bb4px\u00a0\u00bb button_icon=\u00a0\u00bb&#xe0a3;||divi||400&Prime; button_icon_placement=\u00a0\u00bbleft\u00a0\u00bb button_on_hover=\u00a0\u00bboff\u00a0\u00bb animation_style=\u00a0\u00bbfold\u00a0\u00bb hover_enabled=\u00a0\u00bb0&Prime; global_colors_info=\u00a0\u00bb{}\u00a0\u00bb theme_builder_area=\u00a0\u00bbpost_content\u00a0\u00bb sticky_enabled=\u00a0\u00bb0&Prime;][\/et_pb_button][\/et_pb_column][\/et_pb_row][\/et_pb_section]<\/p>\n","protected":false},"excerpt":{"rendered":"<p>R\u00e9pertoirePour nous \u00e9couter, rendez vous sur la page m\u00e9diaIndex : Musique sacr\u00e9e \u00e0 cappella Musique sacr\u00e9e avec orgue Les Aper\u00e7ues Musique diverses Musique sacr\u00e9e \u00e0 cappella Caplet &#8211; Messe \u00e0 3 voix Kocsar &#8211; Salve Regina Corti &#8211; Laus trium puerorum Badings &#8211; Kyrie &amp; Agnus Janczak &#8211; Kyrie Durufl\u00e9 &#8211; Tota pulchra es McDowall [&hellip;]<\/p>\n","protected":false},"author":1,"featured_media":0,"parent":0,"menu_order":0,"comment_status":"closed","ping_status":"closed","template":"","meta":{"_et_pb_use_builder":"on","_et_pb_old_content":"","_et_gb_content_width":"","footnotes":""},"class_list":["post-191","page","type-page","status-publish","hentry"],"_links":{"self":[{"href":"https:\/\/ensemble-esquisses.fr\/index.php?rest_route=\/wp\/v2\/pages\/191","targetHints":{"allow":["GET"]}}],"collection":[{"href":"https:\/\/ensemble-esquisses.fr\/index.php?rest_route=\/wp\/v2\/pages"}],"about":[{"href":"https:\/\/ensemble-esquisses.fr\/index.php?rest_route=\/wp\/v2\/types\/page"}],"author":[{"embeddable":true,"href":"https:\/\/ensemble-esquisses.fr\/index.php?rest_route=\/wp\/v2\/users\/1"}],"replies":[{"embeddable":true,"href":"https:\/\/ensemble-esquisses.fr\/index.php?rest_route=%2Fwp%2Fv2%2Fcomments&post=191"}],"version-history":[{"count":21,"href":"https:\/\/ensemble-esquisses.fr\/index.php?rest_route=\/wp\/v2\/pages\/191\/revisions"}],"predecessor-version":[{"id":492,"href":"https:\/\/ensemble-esquisses.fr\/index.php?rest_route=\/wp\/v2\/pages\/191\/revisions\/492"}],"wp:attachment":[{"href":"https:\/\/ensemble-esquisses.fr\/index.php?rest_route=%2Fwp%2Fv2%2Fmedia&parent=191"}],"curies":[{"name":"wp","href":"https:\/\/api.w.org\/{rel}","templated":true}]}}